{"id":2123,"date":"2022-03-13T21:29:49","date_gmt":"2022-03-13T20:29:49","guid":{"rendered":"https:\/\/caplds.cz\/?post_type=tribe_events&#038;p=2123"},"modified":"2022-03-13T21:32:08","modified_gmt":"2022-03-13T20:32:08","slug":"rizeni-spotreby-a-vyroby-energii-v-prumyslu-a-budovach-2","status":"publish","type":"tribe_events","link":"https:\/\/caplds.cz\/index.php\/event\/rizeni-spotreby-a-vyroby-energii-v-prumyslu-a-budovach-2\/","title":{"rendered":"\u0158\u00edzen\u00ed spot\u0159eby a v\u00fdroby energi\u00ed v&nbsp;pr\u016fmyslu a budov\u00e1ch"},"content":{"rendered":"<table width=\"100%\">\n<tbody>\n<tr>\n<td>\n<table width=\"100%\">\n<tbody>\n<tr>\n<td><a href=\"https:\/\/unicorn.com\/uuflexigy\/cs\/webinar_form_25_3_22\" target=\"_blank\" rel=\"noopener\"><img decoding=\"async\" src=\"https:\/\/mcusercontent.com\/e376ae731a812dd6aed0dd0ca\/images\/946e1b8c-e10d-6f7c-3df8-a3ecf734d512.jpg\" alt=\"\" \/><\/a><\/td>\n<\/tr>\n<\/tbody>\n<\/table>\n<\/td>\n<\/tr>\n<\/tbody>\n<\/table>\n<table width=\"100%\">\n<tbody>\n<tr>\n<td>\n<table width=\"100%\">\n<tbody>\n<tr>\n<td>\n<h1><strong>Pozv\u00e1nka na webin\u00e1\u0159<\/strong><\/h1>\n<p><strong>\u0158\u00edzen\u00ed spot\u0159eby a v\u00fdroby energi\u00ed v&nbsp;pr\u016fmyslu a budov\u00e1ch<\/strong><\/p>\n<p>&nbsp;<\/p>\n<p><strong>Term\u00edn:<\/strong>\u00a025.&nbsp;3.&nbsp;2022<br \/>\n<strong>\u010cas:<\/strong> 9:00-12:00<br \/>\n<strong>Platforma:<\/strong>\u00a0ZOOM<br \/>\n<strong>Registra\u010dn\u00ed formul\u00e1\u0159:<\/strong> klikn\u011bte <a href=\"https:\/\/unicorn.com\/uuflexigy\/cs\/webinar_form_25_3_22\"><strong>ZDE<\/strong><\/a><\/p>\n<p>Jak chyt\u0159e \u0159\u00eddit a uplat\u0148ovat na trz\u00edch flexibiln\u00ed v\u00fdrobu a spot\u0159ebu v&nbsp;pr\u016fmyslu, budov\u00e1ch i dom\u00e1cnostech? Aneb webin\u00e1\u0159 na st\u00e1le aktu\u00e1ln\u011bj\u0161\u00ed \u0159\u00edzen\u00ed v\u00fdroby a spot\u0159eby na v\u0161ech r\u016fzn\u00fdch \u00farovn\u00edch. Na akci se p\u0159edstav\u00ed aktu\u00e1ln\u00ed stav a mo\u017enosti vyu\u017e\u00edv\u00e1n\u00ed flexibiln\u00ed v\u00fdroby a\u00a0spot\u0159eby v&nbsp;\u010cR i o\u010dek\u00e1van\u00fd v\u00fdvoj v&nbsp;t\u00e9to oblasti v&nbsp;n\u00e1sleduj\u00edc\u00edch letech. Kl\u00ed\u010dov\u00fd z\u00e1stupci st\u00e1tn\u00ed spr\u00e1vy a provozovatel\u016f soustav p\u0159edstav\u00ed sv\u016fj pohled na sm\u011b\u0159ov\u00e1n\u00ed vyu\u017e\u00edv\u00e1n\u00ed flexibility na stran\u011b spot\u0159eby. Z\u00e1stupci technologick\u00e9ho sektoru pak p\u0159edstav\u00ed aktu\u00e1ln\u00ed trendy a stav v&nbsp;oblasti chytr\u00e9ho \u0159\u00edzen\u00ed flexibiln\u00ed v\u00fdroby a spot\u0159eby a jejich\u00a0uplat\u0148ov\u00e1n\u00ed na trz\u00edch. Akce je ur\u010dena jak pro \u0161ir\u0161\u00ed ve\u0159ejnost se z\u00e1jmem o aktu\u00e1ln\u00ed d\u011bn\u00ed v&nbsp;energetice, tak spole\u010dnostem, kter\u00e9 ji\u017e z&nbsp;aktivn\u00edho \u0159\u00edzen\u00ed v\u00fdroby a spot\u0159eby profituj\u00ed nebo by se do t\u00e9to oblasti r\u00e1dy pustily.<br \/>\n<strong>\u00da\u010dast na webin\u00e1\u0159i nen\u00ed zpoplatn\u011bna, je v\u0161ak\u00a0<u>povinn\u00e1 registrace<\/u>!<\/strong><br \/>\nNa jak\u00e9 p\u0159edn\u00e1\u0161ky se m\u016f\u017eete t\u011b\u0161it:<\/p>\n<p><strong>Moder\u00e1tor<\/strong><br \/>\n<strong><em>Daniel \u0160ev\u010d\u00edk<\/em><\/strong><br \/>\n<em>Obchodn\u00ed \u0159editel, Unicorn<\/em><\/p>\n<p><strong>\u00davodn\u00ed slovo<\/strong><br \/>\n<strong><em>Jan Fousek<\/em><\/strong><br \/>\n<em>V\u00fdkonn\u00fd \u0159editel, Asociace pro akumulaci energie AKU-BAT<\/em><\/p>\n<p><strong>Vize za\u010dlen\u011bn\u00ed \u0159\u00edzen\u00ed spot\u0159eby do trhu s&nbsp;elekt\u0159inou<\/strong><br \/>\n<strong><em>Ren\u00e9 Ned\u011bla<\/em><\/strong><br \/>\n<em>N\u00e1m\u011bstek, Ministerstvo pr\u016fmyslu a obchodu<\/em><\/p>\n<p><strong>Mo\u017enosti podpory rozvoje trhu s&nbsp;agregac\u00ed flexibility ze strany \u010cEPS<\/strong><br \/>\n<strong><em>Martin Ka\u0161\u00e1k<\/em><\/strong><br \/>\n<em>\u0158editel sekce Energetick\u00fd obchod, \u010cEPS, a. s.<\/em><\/p>\n<p><strong>Smart metering jako nov\u00fd zdroj dat a prost\u0159edek \u0159\u00edzen\u00ed s\u00edt\u00ed<\/strong><br \/>\n<strong><em>Radek Lamich<\/em><\/strong><br \/>\n<em>Vedouc\u00ed odboru business strategie, \u010cEZ Distribuce, a. s.<\/em><\/p>\n<p><strong>Chytr\u00e1 spot\u0159eba a jej\u00ed hodnota &#8211;\u00a0zku\u0161enosti z&nbsp;poskytov\u00e1n\u00ed podp\u016frn\u00fdch slu\u017eeb pro \u010cEPS<\/strong><br \/>\n<strong><em>Tom\u00e1\u0161 Mu\u017e\u00edk<\/em><\/strong><br \/>\n<em>\u0158editel\u00a0Digital Energy Services,\u00a0Nano Energies, a. s.<\/em><\/p>\n<p><strong>Agregace flexibility z&nbsp;pohledu IT dodavatele<\/strong><br \/>\n<strong><em>Tom\u00e1\u0161 Molek<\/em><\/strong><br \/>\n<em>Business analytik platformy LIBRA, Unicorn<\/em><\/p>\n<p><strong>Chytr\u00e9 \u0159\u00edzen\u00ed mikrospot\u0159eby v&nbsp;pr\u016fmyslu v&nbsp;praxi<\/strong><br \/>\n<strong><em>Tom\u00e1\u0161 Rendla<\/em><\/strong><br \/>\n<em>CEO, Flowbox\u00a0s. r. o.<\/em><\/p>\n<p><strong>Jak profitovat z&nbsp;akumulace p\u0159i \u0159\u00edzen\u00ed spot\u0159eby<\/strong><br \/>\n<strong><em>Michal Kle\u010dka<\/em><\/strong><br \/>\n<em>Spolumajitel a zakladatel, GWL, a. s.<\/em><\/p>\n<p><strong>Diskuze<\/strong><\/p>\n<p>P\u0159ipojte se na n\u00e1\u0161 webin\u00e1\u0159, poslechn\u011bte si zaj\u00edmav\u00e9 sp\u00edkry a zapojte se do diskuse s&nbsp;nimi. V\u011b\u0159\u00edme, \u017ee jist\u011b najdeme spole\u010dn\u00fd hlas pro inteligentn\u00ed a \u0159\u00edzen\u00fd rozvoj chytr\u00e9 akumulace energie pro v\u0161echny z\u00e1jemce.<\/td>\n<\/tr>\n<\/tbody>\n<\/table>\n<\/td>\n<\/tr>\n<\/tbody>\n<\/table>\n","protected":false},"excerpt":{"rendered":"<p>Pozv\u00e1nka na webin\u00e1\u0159 \u0158\u00edzen\u00ed spot\u0159eby a v\u00fdroby energi\u00ed v&nbsp;pr\u016fmyslu a budov\u00e1ch &nbsp; Term\u00edn:\u00a025.&nbsp;3.&nbsp;2022 \u010cas: 9:00-12:00 Platforma:\u00a0ZOOM Registra\u010dn\u00ed formul\u00e1\u0159: klikn\u011bte ZDE Jak chyt\u0159e \u0159\u00eddit a uplat\u0148ovat na trz\u00edch flexibiln\u00ed v\u00fdrobu a&#8230;<\/p>\n","protected":false},"author":2,"featured_media":0,"template":"","meta":{"_bbp_topic_count":0,"_bbp_reply_count":0,"_bbp_total_topic_count":0,"_bbp_total_reply_count":0,"_bbp_voice_count":0,"_bbp_anonymous_reply_count":0,"_bbp_topic_count_hidden":0,"_bbp_reply_count_hidden":0,"_bbp_forum_subforum_count":0,"_tribe_events_status":"","_tribe_events_status_reason":"","footnotes":""},"tags":[],"tribe_events_cat":[],"class_list":["post-2123","tribe_events","type-tribe_events","status-publish","hentry","entry"],"yoast_head":"<!-- This site is optimized with the Yoast SEO plugin v27.4 - https:\/\/yoast.com\/product\/yoast-seo-wordpress\/ -->\n<title>\u0158\u00edzen\u00ed spot\u0159eby a v\u00fdroby energi\u00ed v pr\u016fmyslu a budov\u00e1ch - \u010cesk\u00e1 asociace provozovatel\u016f LDS<\/title>\n<meta name=\"robots\" content=\"index, follow, max-snippet:-1, max-image-preview:large, max-video-preview:-1\" \/>\n<link rel=\"canonical\" href=\"https:\/\/caplds.cz\/index.php\/event\/rizeni-spotreby-a-vyroby-energii-v-prumyslu-a-budovach-2\/\" \/>\n<meta property=\"og:locale\" content=\"cs_CZ\" \/>\n<meta property=\"og:type\" content=\"article\" \/>\n<meta property=\"og:title\" content=\"\u0158\u00edzen\u00ed spot\u0159eby a v\u00fdroby energi\u00ed v pr\u016fmyslu a budov\u00e1ch - \u010cesk\u00e1 asociace provozovatel\u016f LDS\" \/>\n<meta property=\"og:description\" content=\"Pozv\u00e1nka na webin\u00e1\u0159 \u0158\u00edzen\u00ed spot\u0159eby a v\u00fdroby energi\u00ed v&nbsp;pr\u016fmyslu a budov\u00e1ch &nbsp; Term\u00edn:\u00a025.&nbsp;3.&nbsp;2022 \u010cas: 9:00-12:00 Platforma:\u00a0ZOOM Registra\u010dn\u00ed formul\u00e1\u0159: klikn\u011bte ZDE Jak chyt\u0159e \u0159\u00eddit a uplat\u0148ovat na trz\u00edch flexibiln\u00ed v\u00fdrobu a&#8230;\" \/>\n<meta property=\"og:url\" content=\"https:\/\/caplds.cz\/index.php\/event\/rizeni-spotreby-a-vyroby-energii-v-prumyslu-a-budovach-2\/\" \/>\n<meta property=\"og:site_name\" content=\"\u010cesk\u00e1 asociace provozovatel\u016f LDS\" \/>\n<meta property=\"article:modified_time\" content=\"2022-03-13T20:32:08+00:00\" \/>\n<meta property=\"og:image\" content=\"https:\/\/mcusercontent.com\/e376ae731a812dd6aed0dd0ca\/images\/946e1b8c-e10d-6f7c-3df8-a3ecf734d512.jpg\" \/>\n<meta name=\"twitter:card\" content=\"summary_large_image\" \/>\n<meta name=\"twitter:label1\" content=\"Odhadovan\u00e1 doba \u010dten\u00ed\" \/>\n\t<meta name=\"twitter:data1\" content=\"3 minuty\" \/>\n<script type=\"application\/ld+json\" class=\"yoast-schema-graph\">{\"@context\":\"https:\\\/\\\/schema.org\",\"@graph\":[{\"@type\":\"WebPage\",\"@id\":\"https:\\\/\\\/caplds.cz\\\/index.php\\\/event\\\/rizeni-spotreby-a-vyroby-energii-v-prumyslu-a-budovach-2\\\/\",\"url\":\"https:\\\/\\\/caplds.cz\\\/index.php\\\/event\\\/rizeni-spotreby-a-vyroby-energii-v-prumyslu-a-budovach-2\\\/\",\"name\":\"\u0158\u00edzen\u00ed spot\u0159eby a v\u00fdroby energi\u00ed v pr\u016fmyslu a budov\u00e1ch - \u010cesk\u00e1 asociace provozovatel\u016f LDS\",\"isPartOf\":{\"@id\":\"https:\\\/\\\/caplds.cz\\\/#website\"},\"primaryImageOfPage\":{\"@id\":\"https:\\\/\\\/caplds.cz\\\/index.php\\\/event\\\/rizeni-spotreby-a-vyroby-energii-v-prumyslu-a-budovach-2\\\/#primaryimage\"},\"image\":{\"@id\":\"https:\\\/\\\/caplds.cz\\\/index.php\\\/event\\\/rizeni-spotreby-a-vyroby-energii-v-prumyslu-a-budovach-2\\\/#primaryimage\"},\"thumbnailUrl\":\"https:\\\/\\\/mcusercontent.com\\\/e376ae731a812dd6aed0dd0ca\\\/images\\\/946e1b8c-e10d-6f7c-3df8-a3ecf734d512.jpg\",\"datePublished\":\"2022-03-13T20:29:49+00:00\",\"dateModified\":\"2022-03-13T20:32:08+00:00\",\"breadcrumb\":{\"@id\":\"https:\\\/\\\/caplds.cz\\\/index.php\\\/event\\\/rizeni-spotreby-a-vyroby-energii-v-prumyslu-a-budovach-2\\\/#breadcrumb\"},\"inLanguage\":\"cs\",\"potentialAction\":[{\"@type\":\"ReadAction\",\"target\":[\"https:\\\/\\\/caplds.cz\\\/index.php\\\/event\\\/rizeni-spotreby-a-vyroby-energii-v-prumyslu-a-budovach-2\\\/\"]}]},{\"@type\":\"ImageObject\",\"inLanguage\":\"cs\",\"@id\":\"https:\\\/\\\/caplds.cz\\\/index.php\\\/event\\\/rizeni-spotreby-a-vyroby-energii-v-prumyslu-a-budovach-2\\\/#primaryimage\",\"url\":\"https:\\\/\\\/mcusercontent.com\\\/e376ae731a812dd6aed0dd0ca\\\/images\\\/946e1b8c-e10d-6f7c-3df8-a3ecf734d512.jpg\",\"contentUrl\":\"https:\\\/\\\/mcusercontent.com\\\/e376ae731a812dd6aed0dd0ca\\\/images\\\/946e1b8c-e10d-6f7c-3df8-a3ecf734d512.jpg\"},{\"@type\":\"BreadcrumbList\",\"@id\":\"https:\\\/\\\/caplds.cz\\\/index.php\\\/event\\\/rizeni-spotreby-a-vyroby-energii-v-prumyslu-a-budovach-2\\\/#breadcrumb\",\"itemListElement\":[{\"@type\":\"ListItem\",\"position\":1,\"name\":\"Dom\u016f\",\"item\":\"https:\\\/\\\/caplds.cz\\\/\"},{\"@type\":\"ListItem\",\"position\":2,\"name\":\"Akce\",\"item\":\"https:\\\/\\\/caplds.cz\\\/index.php\\\/events\\\/\"},{\"@type\":\"ListItem\",\"position\":3,\"name\":\"\u0158\u00edzen\u00ed spot\u0159eby a v\u00fdroby energi\u00ed v&nbsp;pr\u016fmyslu a budov\u00e1ch\"}]},{\"@type\":\"WebSite\",\"@id\":\"https:\\\/\\\/caplds.cz\\\/#website\",\"url\":\"https:\\\/\\\/caplds.cz\\\/\",\"name\":\"\u010cesk\u00e1 asociace provozovatel\u016f LDS\",\"description\":\"\",\"publisher\":{\"@id\":\"https:\\\/\\\/caplds.cz\\\/#organization\"},\"potentialAction\":[{\"@type\":\"SearchAction\",\"target\":{\"@type\":\"EntryPoint\",\"urlTemplate\":\"https:\\\/\\\/caplds.cz\\\/?s={search_term_string}\"},\"query-input\":{\"@type\":\"PropertyValueSpecification\",\"valueRequired\":true,\"valueName\":\"search_term_string\"}}],\"inLanguage\":\"cs\"},{\"@type\":\"Organization\",\"@id\":\"https:\\\/\\\/caplds.cz\\\/#organization\",\"name\":\"\u010cesk\u00e1 asociace provozovatel\u016f LDS\",\"url\":\"https:\\\/\\\/caplds.cz\\\/\",\"logo\":{\"@type\":\"ImageObject\",\"inLanguage\":\"cs\",\"@id\":\"https:\\\/\\\/caplds.cz\\\/#\\\/schema\\\/logo\\\/image\\\/\",\"url\":\"https:\\\/\\\/caplds.cz\\\/wp-content\\\/uploads\\\/2020\\\/06\\\/logom.png\",\"contentUrl\":\"https:\\\/\\\/caplds.cz\\\/wp-content\\\/uploads\\\/2020\\\/06\\\/logom.png\",\"width\":146,\"height\":48,\"caption\":\"\u010cesk\u00e1 asociace provozovatel\u016f LDS\"},\"image\":{\"@id\":\"https:\\\/\\\/caplds.cz\\\/#\\\/schema\\\/logo\\\/image\\\/\"}}]}<\/script>\n<!-- \/ Yoast SEO plugin. -->","yoast_head_json":{"title":"\u0158\u00edzen\u00ed spot\u0159eby a v\u00fdroby energi\u00ed v pr\u016fmyslu a budov\u00e1ch - \u010cesk\u00e1 asociace provozovatel\u016f LDS","robots":{"index":"index","follow":"follow","max-snippet":"max-snippet:-1","max-image-preview":"max-image-preview:large","max-video-preview":"max-video-preview:-1"},"canonical":"https:\/\/caplds.cz\/index.php\/event\/rizeni-spotreby-a-vyroby-energii-v-prumyslu-a-budovach-2\/","og_locale":"cs_CZ","og_type":"article","og_title":"\u0158\u00edzen\u00ed spot\u0159eby a v\u00fdroby energi\u00ed v pr\u016fmyslu a budov\u00e1ch - \u010cesk\u00e1 asociace provozovatel\u016f LDS","og_description":"Pozv\u00e1nka na webin\u00e1\u0159 \u0158\u00edzen\u00ed spot\u0159eby a v\u00fdroby energi\u00ed v&nbsp;pr\u016fmyslu a budov\u00e1ch &nbsp; Term\u00edn:\u00a025.&nbsp;3.&nbsp;2022 \u010cas: 9:00-12:00 Platforma:\u00a0ZOOM Registra\u010dn\u00ed formul\u00e1\u0159: klikn\u011bte ZDE Jak chyt\u0159e \u0159\u00eddit a uplat\u0148ovat na trz\u00edch flexibiln\u00ed v\u00fdrobu a&#8230;","og_url":"https:\/\/caplds.cz\/index.php\/event\/rizeni-spotreby-a-vyroby-energii-v-prumyslu-a-budovach-2\/","og_site_name":"\u010cesk\u00e1 asociace provozovatel\u016f LDS","article_modified_time":"2022-03-13T20:32:08+00:00","og_image":[{"url":"https:\/\/mcusercontent.com\/e376ae731a812dd6aed0dd0ca\/images\/946e1b8c-e10d-6f7c-3df8-a3ecf734d512.jpg","type":"","width":"","height":""}],"twitter_card":"summary_large_image","twitter_misc":{"Odhadovan\u00e1 doba \u010dten\u00ed":"3 minuty"},"schema":{"@context":"https:\/\/schema.org","@graph":[{"@type":"WebPage","@id":"https:\/\/caplds.cz\/index.php\/event\/rizeni-spotreby-a-vyroby-energii-v-prumyslu-a-budovach-2\/","url":"https:\/\/caplds.cz\/index.php\/event\/rizeni-spotreby-a-vyroby-energii-v-prumyslu-a-budovach-2\/","name":"\u0158\u00edzen\u00ed spot\u0159eby a v\u00fdroby energi\u00ed v pr\u016fmyslu a budov\u00e1ch - \u010cesk\u00e1 asociace provozovatel\u016f LDS","isPartOf":{"@id":"https:\/\/caplds.cz\/#website"},"primaryImageOfPage":{"@id":"https:\/\/caplds.cz\/index.php\/event\/rizeni-spotreby-a-vyroby-energii-v-prumyslu-a-budovach-2\/#primaryimage"},"image":{"@id":"https:\/\/caplds.cz\/index.php\/event\/rizeni-spotreby-a-vyroby-energii-v-prumyslu-a-budovach-2\/#primaryimage"},"thumbnailUrl":"https:\/\/mcusercontent.com\/e376ae731a812dd6aed0dd0ca\/images\/946e1b8c-e10d-6f7c-3df8-a3ecf734d512.jpg","datePublished":"2022-03-13T20:29:49+00:00","dateModified":"2022-03-13T20:32:08+00:00","breadcrumb":{"@id":"https:\/\/caplds.cz\/index.php\/event\/rizeni-spotreby-a-vyroby-energii-v-prumyslu-a-budovach-2\/#breadcrumb"},"inLanguage":"cs","potentialAction":[{"@type":"ReadAction","target":["https:\/\/caplds.cz\/index.php\/event\/rizeni-spotreby-a-vyroby-energii-v-prumyslu-a-budovach-2\/"]}]},{"@type":"ImageObject","inLanguage":"cs","@id":"https:\/\/caplds.cz\/index.php\/event\/rizeni-spotreby-a-vyroby-energii-v-prumyslu-a-budovach-2\/#primaryimage","url":"https:\/\/mcusercontent.com\/e376ae731a812dd6aed0dd0ca\/images\/946e1b8c-e10d-6f7c-3df8-a3ecf734d512.jpg","contentUrl":"https:\/\/mcusercontent.com\/e376ae731a812dd6aed0dd0ca\/images\/946e1b8c-e10d-6f7c-3df8-a3ecf734d512.jpg"},{"@type":"BreadcrumbList","@id":"https:\/\/caplds.cz\/index.php\/event\/rizeni-spotreby-a-vyroby-energii-v-prumyslu-a-budovach-2\/#breadcrumb","itemListElement":[{"@type":"ListItem","position":1,"name":"Dom\u016f","item":"https:\/\/caplds.cz\/"},{"@type":"ListItem","position":2,"name":"Akce","item":"https:\/\/caplds.cz\/index.php\/events\/"},{"@type":"ListItem","position":3,"name":"\u0158\u00edzen\u00ed spot\u0159eby a v\u00fdroby energi\u00ed v&nbsp;pr\u016fmyslu a budov\u00e1ch"}]},{"@type":"WebSite","@id":"https:\/\/caplds.cz\/#website","url":"https:\/\/caplds.cz\/","name":"\u010cesk\u00e1 asociace provozovatel\u016f LDS","description":"","publisher":{"@id":"https:\/\/caplds.cz\/#organization"},"potentialAction":[{"@type":"SearchAction","target":{"@type":"EntryPoint","urlTemplate":"https:\/\/caplds.cz\/?s={search_term_string}"},"query-input":{"@type":"PropertyValueSpecification","valueRequired":true,"valueName":"search_term_string"}}],"inLanguage":"cs"},{"@type":"Organization","@id":"https:\/\/caplds.cz\/#organization","name":"\u010cesk\u00e1 asociace provozovatel\u016f LDS","url":"https:\/\/caplds.cz\/","logo":{"@type":"ImageObject","inLanguage":"cs","@id":"https:\/\/caplds.cz\/#\/schema\/logo\/image\/","url":"https:\/\/caplds.cz\/wp-content\/uploads\/2020\/06\/logom.png","contentUrl":"https:\/\/caplds.cz\/wp-content\/uploads\/2020\/06\/logom.png","width":146,"height":48,"caption":"\u010cesk\u00e1 asociace provozovatel\u016f LDS"},"image":{"@id":"https:\/\/caplds.cz\/#\/schema\/logo\/image\/"}}]}},"_links":{"self":[{"href":"https:\/\/caplds.cz\/index.php\/wp-json\/wp\/v2\/tribe_events\/2123","targetHints":{"allow":["GET"]}}],"collection":[{"href":"https:\/\/caplds.cz\/index.php\/wp-json\/wp\/v2\/tribe_events"}],"about":[{"href":"https:\/\/caplds.cz\/index.php\/wp-json\/wp\/v2\/types\/tribe_events"}],"author":[{"embeddable":true,"href":"https:\/\/caplds.cz\/index.php\/wp-json\/wp\/v2\/users\/2"}],"version-history":[{"count":3,"href":"https:\/\/caplds.cz\/index.php\/wp-json\/wp\/v2\/tribe_events\/2123\/revisions"}],"predecessor-version":[{"id":2126,"href":"https:\/\/caplds.cz\/index.php\/wp-json\/wp\/v2\/tribe_events\/2123\/revisions\/2126"}],"wp:attachment":[{"href":"https:\/\/caplds.cz\/index.php\/wp-json\/wp\/v2\/media?parent=2123"}],"wp:term":[{"taxonomy":"post_tag","embeddable":true,"href":"https:\/\/caplds.cz\/index.php\/wp-json\/wp\/v2\/tags?post=2123"},{"taxonomy":"tribe_events_cat","embeddable":true,"href":"https:\/\/caplds.cz\/index.php\/wp-json\/wp\/v2\/tribe_events_cat?post=2123"}],"curies":[{"name":"wp","href":"https:\/\/api.w.org\/{rel}","templated":true}]}}